{"id":7279,"date":"2017-06-19T09:11:39","date_gmt":"2017-06-19T09:11:39","guid":{"rendered":"https:\/\/sharks.ee\/fedemark\/shop\/uncategorized\/spandecks\/"},"modified":"2017-07-25T11:51:01","modified_gmt":"2017-07-25T11:51:01","slug":"spandeck-paneelit","status":"publish","type":"product","link":"https:\/\/fedemark.ee\/fi\/tuotteet\/kaiteet-ja-kulkutiet\/kulkutiet\/spandeck-paneelit\/","title":{"rendered":"Spandeck-paneelit"},"content":{"rendered":"","protected":false},"excerpt":{"rendered":"<p><em>Kahden telineen v\u00e4liin asennettaviksi<\/em><\/p>\n<p>T\u00e4m\u00e4 on kevyt alumiininen paneelij\u00e4rjestelm\u00e4, jonka pituus on jopa 7 m. Paneeleja voi yhdist\u00e4\u00e4 toisiinsa ty\u00f6tason muodostamiseksi, ja k\u00e4\u00e4nt\u00e4\u00e4 ymp\u00e4ri ja muuttaa yhdeksi paneeliksi, jossa on varvaslaudat. Kaikki paneelit on varustettu p\u00e4iss\u00e4 olevin koukuin ja niit\u00e4 voi asentaa putkille, joiden halkaisija on \u00d8 50 mm (Tempo Tech). Muutamassa sekunnissa saatte kevyen ja ruostumattoman kulkutiej\u00e4rjestelm\u00e4n.<\/p>\n<p>TEKNISET OMINAISUUDET<br \/>\nUlkoleveys: 605 mm<br \/>\nKorkeus: 190 mm<br \/>\nMax. kantavuus keskelle keskitettyn\u00e4: 1,8 KN (180 kg)<br \/>\nMax. kantavuus: 250 kg (2 henke\u00e4)<\/p>\n","protected":false},"featured_media":8829,"comment_status":"open","ping_status":"closed","template":"","meta":{"footnotes":""},"product_cat":[179,180],"product_tag":[],"yoast_head":"<!-- This site is optimized with the Yoast SEO plugin v22.6 - https:\/\/yoast.com\/wordpress\/plugins\/seo\/ -->\n<title>Spandeck-paneelit - Fedemark<\/title>\n<meta name=\"robots\" content=\"index, follow, max-snippet:-1, max-image-preview:large, max-video-preview:-1\" \/>\n<link rel=\"canonical\" href=\"https:\/\/fedemark.ee\/fi\/tuotteet\/kaiteet-ja-kulkutiet\/kulkutiet\/spandeck-paneelit\/\" \/>\n<meta property=\"og:locale\" content=\"fi_FI\" \/>\n<meta property=\"og:type\" content=\"article\" \/>\n<meta property=\"og:title\" content=\"Spandeck-paneelit - Fedemark\" \/>\n<meta property=\"og:description\" content=\"Kahden telineen v\u00e4liin asennettaviksi  T\u00e4m\u00e4 on kevyt alumiininen paneelij\u00e4rjestelm\u00e4, jonka pituus on jopa 7 m. Paneeleja voi yhdist\u00e4\u00e4 toisiinsa ty\u00f6tason muodostamiseksi, ja k\u00e4\u00e4nt\u00e4\u00e4 ymp\u00e4ri ja muuttaa yhdeksi paneeliksi, jossa on varvaslaudat. Kaikki paneelit on varustettu p\u00e4iss\u00e4 olevin koukuin ja niit\u00e4 voi asentaa putkille, joiden halkaisija on \u00d8 50 mm (Tempo Tech). Muutamassa sekunnissa saatte kevyen ja ruostumattoman kulkutiej\u00e4rjestelm\u00e4n.  TEKNISET OMINAISUUDET Ulkoleveys: 605 mm Korkeus: 190 mm Max. kantavuus keskelle keskitettyn\u00e4: 1,8 KN (180 kg) Max. kantavuus: 250 kg (2 henke\u00e4)\" \/>\n<meta property=\"og:url\" content=\"https:\/\/fedemark.ee\/fi\/tuotteet\/kaiteet-ja-kulkutiet\/kulkutiet\/spandeck-paneelit\/\" \/>\n<meta property=\"og:site_name\" content=\"Fedemark\" \/>\n<meta property=\"article:modified_time\" content=\"2017-07-25T11:51:01+00:00\" \/>\n<meta property=\"og:image\" content=\"https:\/\/fedemark.ee\/wp-content\/uploads\/2017\/06\/Spandecks-1.jpg\" \/>\n\t<meta property=\"og:image:width\" content=\"500\" \/>\n\t<meta property=\"og:image:height\" content=\"600\" \/>\n\t<meta property=\"og:image:type\" content=\"image\/jpeg\" \/>\n<meta name=\"twitter:card\" content=\"summary_large_image\" \/>\n<script type=\"application\/ld+json\" class=\"yoast-schema-graph\">{\"@context\":\"https:\/\/schema.org\",\"@graph\":[{\"@type\":\"WebPage\",\"@id\":\"https:\/\/fedemark.ee\/fi\/tuotteet\/kaiteet-ja-kulkutiet\/kulkutiet\/spandeck-paneelit\/\",\"url\":\"https:\/\/fedemark.ee\/fi\/tuotteet\/kaiteet-ja-kulkutiet\/kulkutiet\/spandeck-paneelit\/\",\"name\":\"Spandeck-paneelit - Fedemark\",\"isPartOf\":{\"@id\":\"https:\/\/fedemark.ee\/#website\"},\"primaryImageOfPage\":{\"@id\":\"https:\/\/fedemark.ee\/fi\/tuotteet\/kaiteet-ja-kulkutiet\/kulkutiet\/spandeck-paneelit\/#primaryimage\"},\"image\":{\"@id\":\"https:\/\/fedemark.ee\/fi\/tuotteet\/kaiteet-ja-kulkutiet\/kulkutiet\/spandeck-paneelit\/#primaryimage\"},\"thumbnailUrl\":\"https:\/\/fedemark.ee\/wp-content\/uploads\/2017\/06\/Spandecks-1.jpg\",\"datePublished\":\"2017-06-19T09:11:39+00:00\",\"dateModified\":\"2017-07-25T11:51:01+00:00\",\"breadcrumb\":{\"@id\":\"https:\/\/fedemark.ee\/fi\/tuotteet\/kaiteet-ja-kulkutiet\/kulkutiet\/spandeck-paneelit\/#breadcrumb\"},\"inLanguage\":\"fi-FI\",\"potentialAction\":[{\"@type\":\"ReadAction\",\"target\":[\"https:\/\/fedemark.ee\/fi\/tuotteet\/kaiteet-ja-kulkutiet\/kulkutiet\/spandeck-paneelit\/\"]}]},{\"@type\":\"ImageObject\",\"inLanguage\":\"fi-FI\",\"@id\":\"https:\/\/fedemark.ee\/fi\/tuotteet\/kaiteet-ja-kulkutiet\/kulkutiet\/spandeck-paneelit\/#primaryimage\",\"url\":\"https:\/\/fedemark.ee\/wp-content\/uploads\/2017\/06\/Spandecks-1.jpg\",\"contentUrl\":\"https:\/\/fedemark.ee\/wp-content\/uploads\/2017\/06\/Spandecks-1.jpg\",\"width\":500,\"height\":600},{\"@type\":\"BreadcrumbList\",\"@id\":\"https:\/\/fedemark.ee\/fi\/tuotteet\/kaiteet-ja-kulkutiet\/kulkutiet\/spandeck-paneelit\/#breadcrumb\",\"itemListElement\":[{\"@type\":\"ListItem\",\"position\":1,\"name\":\"Home\",\"item\":\"https:\/\/fedemark.ee\/fi\/\"},{\"@type\":\"ListItem\",\"position\":2,\"name\":\"Tuotteet\",\"item\":\"https:\/\/fedemark.ee\/fi\/tuotteet\/\"},{\"@type\":\"ListItem\",\"position\":3,\"name\":\"Spandeck-paneelit\"}]},{\"@type\":\"WebSite\",\"@id\":\"https:\/\/fedemark.ee\/#website\",\"url\":\"https:\/\/fedemark.ee\/\",\"name\":\"Fedemark\",\"description\":\"Redelid, Tellingud, T\u00f6\u00f6platvormid ja vahekorrused\",\"potentialAction\":[{\"@type\":\"SearchAction\",\"target\":{\"@type\":\"EntryPoint\",\"urlTemplate\":\"https:\/\/fedemark.ee\/?s={search_term_string}\"},\"query-input\":\"required name=search_term_string\"}],\"inLanguage\":\"fi-FI\"}]}<\/script>\n<!-- \/ Yoast SEO plugin. -->","yoast_head_json":{"title":"Spandeck-paneelit - Fedemark","robots":{"index":"index","follow":"follow","max-snippet":"max-snippet:-1","max-image-preview":"max-image-preview:large","max-video-preview":"max-video-preview:-1"},"canonical":"https:\/\/fedemark.ee\/fi\/tuotteet\/kaiteet-ja-kulkutiet\/kulkutiet\/spandeck-paneelit\/","og_locale":"fi_FI","og_type":"article","og_title":"Spandeck-paneelit - Fedemark","og_description":"Kahden telineen v\u00e4liin asennettaviksi  T\u00e4m\u00e4 on kevyt alumiininen paneelij\u00e4rjestelm\u00e4, jonka pituus on jopa 7 m. Paneeleja voi yhdist\u00e4\u00e4 toisiinsa ty\u00f6tason muodostamiseksi, ja k\u00e4\u00e4nt\u00e4\u00e4 ymp\u00e4ri ja muuttaa yhdeksi paneeliksi, jossa on varvaslaudat. Kaikki paneelit on varustettu p\u00e4iss\u00e4 olevin koukuin ja niit\u00e4 voi asentaa putkille, joiden halkaisija on \u00d8 50 mm (Tempo Tech). Muutamassa sekunnissa saatte kevyen ja ruostumattoman kulkutiej\u00e4rjestelm\u00e4n.  TEKNISET OMINAISUUDET Ulkoleveys: 605 mm Korkeus: 190 mm Max. kantavuus keskelle keskitettyn\u00e4: 1,8 KN (180 kg) Max. kantavuus: 250 kg (2 henke\u00e4)","og_url":"https:\/\/fedemark.ee\/fi\/tuotteet\/kaiteet-ja-kulkutiet\/kulkutiet\/spandeck-paneelit\/","og_site_name":"Fedemark","article_modified_time":"2017-07-25T11:51:01+00:00","og_image":[{"width":500,"height":600,"url":"https:\/\/fedemark.ee\/wp-content\/uploads\/2017\/06\/Spandecks-1.jpg","type":"image\/jpeg"}],"twitter_card":"summary_large_image","schema":{"@context":"https:\/\/schema.org","@graph":[{"@type":"WebPage","@id":"https:\/\/fedemark.ee\/fi\/tuotteet\/kaiteet-ja-kulkutiet\/kulkutiet\/spandeck-paneelit\/","url":"https:\/\/fedemark.ee\/fi\/tuotteet\/kaiteet-ja-kulkutiet\/kulkutiet\/spandeck-paneelit\/","name":"Spandeck-paneelit - Fedemark","isPartOf":{"@id":"https:\/\/fedemark.ee\/#website"},"primaryImageOfPage":{"@id":"https:\/\/fedemark.ee\/fi\/tuotteet\/kaiteet-ja-kulkutiet\/kulkutiet\/spandeck-paneelit\/#primaryimage"},"image":{"@id":"https:\/\/fedemark.ee\/fi\/tuotteet\/kaiteet-ja-kulkutiet\/kulkutiet\/spandeck-paneelit\/#primaryimage"},"thumbnailUrl":"https:\/\/fedemark.ee\/wp-content\/uploads\/2017\/06\/Spandecks-1.jpg","datePublished":"2017-06-19T09:11:39+00:00","dateModified":"2017-07-25T11:51:01+00:00","breadcrumb":{"@id":"https:\/\/fedemark.ee\/fi\/tuotteet\/kaiteet-ja-kulkutiet\/kulkutiet\/spandeck-paneelit\/#breadcrumb"},"inLanguage":"fi-FI","potentialAction":[{"@type":"ReadAction","target":["https:\/\/fedemark.ee\/fi\/tuotteet\/kaiteet-ja-kulkutiet\/kulkutiet\/spandeck-paneelit\/"]}]},{"@type":"ImageObject","inLanguage":"fi-FI","@id":"https:\/\/fedemark.ee\/fi\/tuotteet\/kaiteet-ja-kulkutiet\/kulkutiet\/spandeck-paneelit\/#primaryimage","url":"https:\/\/fedemark.ee\/wp-content\/uploads\/2017\/06\/Spandecks-1.jpg","contentUrl":"https:\/\/fedemark.ee\/wp-content\/uploads\/2017\/06\/Spandecks-1.jpg","width":500,"height":600},{"@type":"BreadcrumbList","@id":"https:\/\/fedemark.ee\/fi\/tuotteet\/kaiteet-ja-kulkutiet\/kulkutiet\/spandeck-paneelit\/#breadcrumb","itemListElement":[{"@type":"ListItem","position":1,"name":"Home","item":"https:\/\/fedemark.ee\/fi\/"},{"@type":"ListItem","position":2,"name":"Tuotteet","item":"https:\/\/fedemark.ee\/fi\/tuotteet\/"},{"@type":"ListItem","position":3,"name":"Spandeck-paneelit"}]},{"@type":"WebSite","@id":"https:\/\/fedemark.ee\/#website","url":"https:\/\/fedemark.ee\/","name":"Fedemark","description":"Redelid, Tellingud, T\u00f6\u00f6platvormid ja vahekorrused","potentialAction":[{"@type":"SearchAction","target":{"@type":"EntryPoint","urlTemplate":"https:\/\/fedemark.ee\/?s={search_term_string}"},"query-input":"required name=search_term_string"}],"inLanguage":"fi-FI"}]}},"_links":{"self":[{"href":"https:\/\/fedemark.ee\/fi\/wp-json\/wp\/v2\/product\/7279"}],"collection":[{"href":"https:\/\/fedemark.ee\/fi\/wp-json\/wp\/v2\/product"}],"about":[{"href":"https:\/\/fedemark.ee\/fi\/wp-json\/wp\/v2\/types\/product"}],"replies":[{"embeddable":true,"href":"https:\/\/fedemark.ee\/fi\/wp-json\/wp\/v2\/comments?post=7279"}],"version-history":[{"count":0,"href":"https:\/\/fedemark.ee\/fi\/wp-json\/wp\/v2\/product\/7279\/revisions"}],"wp:featuredmedia":[{"embeddable":true,"href":"https:\/\/fedemark.ee\/fi\/wp-json\/wp\/v2\/media\/8829"}],"wp:attachment":[{"href":"https:\/\/fedemark.ee\/fi\/wp-json\/wp\/v2\/media?parent=7279"}],"wp:term":[{"taxonomy":"product_cat","embeddable":true,"href":"https:\/\/fedemark.ee\/fi\/wp-json\/wp\/v2\/product_cat?post=7279"},{"taxonomy":"product_tag","embeddable":true,"href":"https:\/\/fedemark.ee\/fi\/wp-json\/wp\/v2\/product_tag?post=7279"}],"curies":[{"name":"wp","href":"https:\/\/api.w.org\/{rel}","templated":true}]}}